{"id":9439,"date":"2025-04-22T09:21:05","date_gmt":"2025-04-22T09:21:05","guid":{"rendered":"https:\/\/bornan.sport\/politica-de-privacidad\/"},"modified":"2025-11-26T12:18:53","modified_gmt":"2025-11-26T12:18:53","slug":"politica-de-privacidad","status":"publish","type":"page","link":"https:\/\/bornan.sport\/es\/politica-de-privacidad\/","title":{"rendered":"Pol\u00edtica de privacidad"},"content":{"rendered":"\t\t<div data-elementor-type=\"wp-page\" data-elementor-id=\"9439\" class=\"elementor elementor-9439 elementor-1277\" data-elementor-post-type=\"page\">\n\t\t\t\t<div class=\"elementor-element elementor-element-e54ba63 e-flex e-con-boxed e-con e-parent\" data-id=\"e54ba63\" data-element_type=\"container\" data-e-type=\"container\">\n\t\t\t\t\t<div class=\"e-con-inner\">\n\t\t\t\t<div class=\"elementor-element elementor-element-617196d5 elementor-widget elementor-widget-spacer\" data-id=\"617196d5\" data-element_type=\"widget\" data-e-type=\"widget\" data-widget_type=\"spacer.default\">\n\t\t\t\t\t\t\t<div class=\"elementor-spacer\">\n\t\t\t<div class=\"elementor-spacer-inner\"><\/div>\n\t\t<\/div>\n\t\t\t\t\t\t<\/div>\n\t\t<div class=\"elementor-element elementor-element-12b3eb2 e-con-full e-flex e-con e-child\" data-id=\"12b3eb2\" data-element_type=\"container\" data-e-type=\"container\">\n\t\t\t\t<div class=\"elementor-element elementor-element-a2da4c5 elementor-widget elementor-widget-heading\" data-id=\"a2da4c5\" data-element_type=\"widget\" data-e-type=\"widget\" data-widget_type=\"heading.default\">\n\t\t\t\t\t<h2 class=\"elementor-heading-title elementor-size-default\">Pol\u00edtica de privacidad<\/h2>\t\t\t\t<\/div>\n\t\t\t\t<\/div>\n\t\t\t\t\t<\/div>\n\t\t\t\t<\/div>\n\t\t<div class=\"elementor-element elementor-element-91ba8b4 e-flex e-con-boxed e-con e-parent\" data-id=\"91ba8b4\" data-element_type=\"container\" data-e-type=\"container\">\n\t\t\t\t\t<div class=\"e-con-inner\">\n\t\t<div class=\"elementor-element elementor-element-9f699a9 e-con-full e-flex e-con e-child\" data-id=\"9f699a9\" data-element_type=\"container\" data-e-type=\"container\">\n\t\t\t\t<div class=\"elementor-element elementor-element-03676bb elementor-widget elementor-widget-text-editor\" data-id=\"03676bb\" data-element_type=\"widget\" data-e-type=\"widget\" data-widget_type=\"text-editor.default\">\n\t\t\t\t\t\t\t\t\t<p>En cumplimiento del principio de transparencia y del deber de informaci\u00f3n, establecidos en la normativa comunitaria y nacional aplicable en materia de protecci\u00f3n de datos, BORNAN SPORTS TECHNOLOGY, SL informa a los interesados de las circunstancias y condiciones del tratamiento de sus datos personales, as\u00ed como de los derechos que les asisten.<\/p><p>La Pol\u00edtica de Privacidad forma parte de las Condiciones Generales que rigen este Sitio Web.<\/p><p><strong>\u00bfQui\u00e9n es responsable del tratamiento de tus datos?<\/strong><\/p><p><strong>BORNAN SPORTS TECHNOLOGY, SL<\/strong><\/p><p>Direcci\u00f3n: C\/ Marie Curie, 19, 6\u00aa Planta (M\u00f3dulos 6.5 y 6.6), 28521 Rivas-Vaciamadrid, Espa\u00f1a<\/p><p>N\u00famero de identificaci\u00f3n fiscal (NIF): B87915419<\/p><p>Tel\u00e9fono: +34 910 646 844<\/p><p>Correo electr\u00f3nico: DPO@bornan.net<\/p><p>Nos reservamos el derecho a modificar o adaptar esta Pol\u00edtica de Privacidad en cualquier momento. Te recomendamos que la revises regularmente para mantenerte informado de cualquier actualizaci\u00f3n. <\/p><p>Si perteneces a alguna de las categor\u00edas siguientes, consulta la secci\u00f3n correspondiente:<\/p><p><strong>+ CLIENTES<\/strong><\/p><p><strong>\u00bfQu\u00e9 datos personales procesamos?<\/strong><\/p><p>Trataremos los datos de identificaci\u00f3n y contacto de los representantes de nuestros clientes, con el fin de gestionar la relaci\u00f3n contractual con las personas jur\u00eddicas a las que representan. Si eres una persona f\u00edsica, procesaremos tus datos de identificaci\u00f3n, contacto y financieros, con el \u00fanico fin de gestionar la relaci\u00f3n contractual contigo. <\/p><p><strong>\u00bfCon qu\u00e9 finalidades procesaremos sus datos personales?<\/strong><\/p><p>&#8211; Elaboraci\u00f3n de presupuestos y seguimiento de las comunicaciones entre ambas partes. &#8211; Prestaci\u00f3n de los servicios contratados, as\u00ed como gesti\u00f3n y mantenimiento de la relaci\u00f3n comercial con nuestros clientes. <\/p><p>&#8211; Suministro de informaci\u00f3n por medios electr\u00f3nicos en respuesta a tus solicitudes. &#8211; Suministro de informaci\u00f3n comercial o relacionada con eventos por medios electr\u00f3nicos, cuando se haya dado el consentimiento expreso o cuando corresponda a nuestro inter\u00e9s leg\u00edtimo. <\/p><p>&#8211; Facturaci\u00f3n y declaraci\u00f3n de los impuestos aplicables.<\/p><p>&#8211; Ejecuci\u00f3n de las operaciones financieras pertinentes<\/p><p>&#8211; Seguimiento y gesti\u00f3n de la recaudaci\u00f3n.<\/p><p><strong>\u00bfCu\u00e1l es la base jur\u00eddica para procesar tus datos?<\/strong><\/p><p>&#8211; La existencia de una relaci\u00f3n contractual entre las partes o la aplicaci\u00f3n de medidas precontractuales a petici\u00f3n del interesado.<\/p><p>&#8211; Cumplimiento de una obligaci\u00f3n legal aplicable al Responsable del Tratamiento.<\/p><p>&#8211; Consentimiento dado por el interesado o su representante legal.<\/p><p>&#8211; El inter\u00e9s leg\u00edtimo del Responsable del Tratamiento.<\/p><p><strong>\u00bfCu\u00e1nto tiempo conservaremos tus datos personales?<\/strong><\/p><p>Los datos se conservar\u00e1n mientras dure la relaci\u00f3n contractual entre las partes, y posteriormente ser\u00e1n debidamente bloqueados durante el plazo necesario para cumplir los plazos de prescripci\u00f3n legales derivados de dicha relaci\u00f3n.<\/p><p><strong>+ CONTACTOS WEB O CORREO ELECTR\u00d3NICO<\/strong><\/p><p><strong>\u00bfQu\u00e9 datos recogemos a trav\u00e9s del Sitio Web?<\/strong><\/p><p>Si nos proporcionas informaci\u00f3n a trav\u00e9s de un formulario de contacto, procesaremos tus datos de identificaci\u00f3n y contacto, as\u00ed como cualquier otra informaci\u00f3n que decidas compartir a trav\u00e9s del mencionado formulario.<\/p><p>Adem\u00e1s, podemos procesar tu direcci\u00f3n IP, el tipo de sistema operativo o navegador utilizado y la duraci\u00f3n de tu visita, todo ello de forma seudonimizada.<\/p><p><strong>\u00bfCon qu\u00e9 finalidades procesaremos sus datos personales?<\/strong><\/p><p>&#8211; Gestionar el servicio solicitado, responder a su consulta o tramitar su solicitud &#8211; Proporcionar informaci\u00f3n comercial o relacionada con eventos a trav\u00e9s de medios electr\u00f3nicos &#8211; Realizar an\u00e1lisis y mejoras en el sitio web de BORNAN SPORTS TECHNOLOGY, SL en relaci\u00f3n con los productos o servicios ofrecidos, as\u00ed como para mejorar la estrategia comercial.<\/p><p><strong>\u00bfCu\u00e1l es la base jur\u00eddica para procesar tus datos?<\/strong><\/p><p>El consentimiento del usuario o la existencia de una relaci\u00f3n contractual entre las partes.<\/p><p><strong>\u00bfCu\u00e1nto tiempo conservaremos tus datos personales?<\/strong><\/p><p>Mientras permanezcas asociado a nosotros o hasta que ejerzas un derecho que d\u00e9 lugar a la supresi\u00f3n de tus datos. En tales casos, los datos se bloquear\u00e1n y conservar\u00e1n adecuadamente mientras duren los plazos de prescripci\u00f3n legales aplicables. <\/p><p><strong>+SUPLENTES<\/strong><\/p><p><strong>\u00bfQu\u00e9 datos personales procesamos?<\/strong><\/p><p>Trataremos los datos de identificaci\u00f3n y contacto de los representantes de nuestros proveedores, con el fin de gestionar la relaci\u00f3n contractual con las personas jur\u00eddicas a las que representan.<\/p><p><strong>\u00bfCon qu\u00e9 finalidades procesaremos sus datos personales?<\/strong><\/p><p>&#8211; Redacci\u00f3n\/aprobaci\u00f3n de presupuestos y seguimiento de las comunicaciones entre ambas partes. &#8211; Seguimiento de los servicios contratados y gesti\u00f3n de la relaci\u00f3n comercial. &#8211; Facturaci\u00f3n y declaraci\u00f3n de los impuestos aplicables.  <\/p><p>&#8211; Suministro de informaci\u00f3n comercial o relacionada con eventos por medios electr\u00f3nicos, siempre que se haya concedido autorizaci\u00f3n expresa o est\u00e9 dentro de nuestro inter\u00e9s leg\u00edtimo.<\/p><p>&#8211; Ejecuci\u00f3n de las transacciones financieras pertinentes, as\u00ed como actividades de seguimiento y recuperaci\u00f3n de deudas.<\/p><p><strong>\u00bfCu\u00e1l es la base jur\u00eddica para procesar tus datos?<\/strong><\/p><p>&#8211; La existencia de una relaci\u00f3n contractual entre las partes o la aplicaci\u00f3n de medidas precontractuales.<\/p><p>&#8211; Cumplimiento de una obligaci\u00f3n legal aplicable a BORNAN SPORTS TECHNOLOGY, SL. &#8211; Consentimiento otorgado por el representante legal del proveedor. <\/p><p>&#8211; El inter\u00e9s leg\u00edtimo de BORNAN SPORTS TECHNOLOGY, SL.<\/p><p><strong>\u00bfCu\u00e1nto tiempo conservaremos tus datos personales?<\/strong><\/p><p>Mientras dure la relaci\u00f3n entre las partes y, una vez concluida, debidamente bloqueada durante el plazo necesario para cumplir los plazos de prescripci\u00f3n aplicables.<\/p><p><strong>+ CONTACTOS DEL BOLET\u00cdN<\/strong><\/p><p><strong>\u00bfQu\u00e9 datos recogemos a trav\u00e9s del Bolet\u00edn?<\/strong><\/p><p>Datos de identificaci\u00f3n (nombre y apellidos) y datos de contacto (direcci\u00f3n de correo electr\u00f3nico).<\/p><p><strong>\u00bfCon qu\u00e9 finalidades procesaremos sus datos personales?<\/strong><\/p><p>Env\u00edo peri\u00f3dico de noticias, promociones e informaci\u00f3n de inter\u00e9s.<\/p><p><strong>\u00bfCu\u00e1l es la base jur\u00eddica para procesar tus datos?<\/strong><\/p><p>Consentimiento otorgado por el interesado o su representante legal.<\/p><p><strong>\u00bfCu\u00e1nto tiempo conservaremos tus datos personales?<\/strong><\/p><p>Hasta que se revoque el consentimiento, lo que puede hacerse en cualquier momento sin efecto retroactivo.<\/p><p>Tras la revocaci\u00f3n, los datos ser\u00e1n debidamente bloqueados y conservados durante los plazos de prescripci\u00f3n legalmente establecidos.<\/p><p>El interesado siempre tendr\u00e1 la opci\u00f3n de darse de baja en cualquier comunicaci\u00f3n.<\/p><p><strong>+ SOLICITANTES DE EMPLEO<\/strong><\/p><p><strong>\u00bfQu\u00e9 datos personales procesamos?<\/strong><\/p><p>Trataremos los datos que compartas con nosotros en el marco del proceso de contrataci\u00f3n o solicitud espont\u00e1nea. En general, trataremos tus datos de identificaci\u00f3n, datos de contacto, curr\u00edculum v\u00edtae e informaci\u00f3n relacionada con tu experiencia profesional y\/o acad\u00e9mica. <\/p><p><strong>\u00bfCon qu\u00e9 finalidades procesaremos sus datos personales?<\/strong><\/p><p>&#8211; Organizaci\u00f3n de los procesos de selecci\u00f3n para la contrataci\u00f3n de empleados.<\/p><p>&#8211; Programar entrevistas y evaluar tu candidatura. &#8211; Guardando tu curr\u00edculum vitae para futuros procesos de selecci\u00f3n en caso de que no seas seleccionado para el proceso al que te presentaste. <\/p><p><strong>\u00bfCu\u00e1l es la base jur\u00eddica para procesar tus datos?<\/strong><\/p><p>&#8211; Aplicaci\u00f3n de medidas precontractuales a petici\u00f3n del interesado. &#8211; Consentimiento otorgado por el interesado o su representante legal para la conservaci\u00f3n del curr\u00edculum vitae y de los datos relativos a su experiencia profesional y\/o acad\u00e9mica. <\/p><p><strong>\u00bfCu\u00e1nto tiempo conservaremos tus datos personales?<\/strong><\/p><p>Hasta la finalizaci\u00f3n del proceso de contrataci\u00f3n y, si se autoriza, durante un plazo m\u00e1ximo de 1 a\u00f1o a partir de entonces. Transcurridos estos plazos, los datos ser\u00e1n debidamente bloqueados y conservados durante los plazos de prescripci\u00f3n legalmente establecidos. <\/p><p><strong>+ ENCUESTAS DE CALIDAD<\/strong><\/p><p><strong>\u00bfQu\u00e9 datos procesaremos?<\/strong><\/p><p>Tus datos de identificaci\u00f3n y cualquier dato derivado de las respuestas proporcionadas en la encuesta.<\/p><p><strong>\u00bfCon qu\u00e9 finalidades procesaremos sus datos personales?<\/strong><\/p><p>Evaluar el nivel de calidad del servicio o producto prestado, as\u00ed como mejorar los servicios o productos ofrecidos.<\/p><p><strong>\u00bfCu\u00e1l es la base jur\u00eddica para procesar tus datos?<\/strong><\/p><p>Tu consentimiento, que puede ser revocado en cualquier momento sin efecto retroactivo.<\/p><p><strong>\u00bfCu\u00e1nto tiempo conservaremos tus datos personales?<\/strong><\/p><p>Hasta que se revoque el consentimiento, lo que puede hacerse en cualquier momento sin efectos retroactivos. Tras la revocaci\u00f3n, los datos ser\u00e1n debidamente bloqueados y conservados durante los plazos de prescripci\u00f3n legalmente establecidos. <\/p><p>+ VIDEOVIGILANCIA<\/p><p>\u00bfQu\u00e9 datos personales procesamos?<\/p><p>Procesaremos tu imagen y, en el caso de c\u00e1maras exteriores o zonas de aparcamiento, la matr\u00edcula de tu veh\u00edculo.<\/p><p>\u00bfCon qu\u00e9 finalidades procesaremos sus datos personales?<\/p><p>Garantizar la seguridad de los bienes, las instalaciones y las personas.<\/p><p>\u00bfCu\u00e1l es la base jur\u00eddica para procesar tus datos?<\/p><p>La base jur\u00eddica que legitima el tratamiento es el cumplimiento de una misi\u00f3n realizada en inter\u00e9s p\u00fablico.<\/p><p>\u00bfCu\u00e1nto tiempo conservaremos tus datos personales?<\/p><p>Durante un per\u00edodo de 1 mes desde el momento de la captura, salvo en el caso de incidentes, en que los datos podr\u00e1n conservarse durante un per\u00edodo m\u00e1s largo hasta que se resuelva el incidente o se entreguen las grabaciones a las Fuerzas y Cuerpos de Seguridad del Estado o a las autoridades competentes.<\/p><p>+ CANAL \u00c9TICO<\/p><p>\u00bfQu\u00e9 datos procesaremos?<\/p><p>Si te identificas, podemos tratar los siguientes datos: nombre, apellidos, correo electr\u00f3nico, n\u00famero de tel\u00e9fono y cualquier dato personal de terceros que facilites en tu comunicaci\u00f3n.<\/p><p>\u00bfCon qu\u00e9 finalidades procesaremos sus datos personales?<\/p><p>&#8211; Gestionar las comunicaciones.<\/p><p>&#8211; Adoptar las medidas correctoras oportunas.<\/p><p>&#8211; En caso necesario, para informarte sobre el resultado del procedimiento.<\/p><p>\u00bfCu\u00e1l es la base jur\u00eddica para procesar tus datos?<\/p><p>La base jur\u00eddica que legitima el tratamiento es el cumplimiento de una obligaci\u00f3n legal aplicable al Responsable del Tratamiento.<\/p><p>\u00bfCu\u00e1nto tiempo conservaremos tus datos personales?<\/p><p>Los datos se conservar\u00e1n durante el plazo estrictamente necesario para el esclarecimiento de los hechos denunciados. En todo caso, transcurrir\u00e1n tres meses desde la recepci\u00f3n de la comunicaci\u00f3n, o si no se envi\u00f3 acuse de recibo al informante, tres meses desde la expiraci\u00f3n del plazo de siete d\u00edas siguientes a la comunicaci\u00f3n. En casos de especial complejidad que requieran una pr\u00f3rroga, este plazo podr\u00e1 ampliarse hasta un m\u00e1ximo de tres meses adicionales. Transcurridos estos plazos, los datos facilitados se suprimir\u00e1n, salvo que est\u00e9n siendo investigados en un marco jur\u00eddico distinto.   <\/p><p>+ MEDIOS SOCIALES<\/p><p>\u00bfQu\u00e9 datos personales procesamos?<\/p><p>Utilizaremos los datos disponibles en tu perfil de usuario, as\u00ed como cualquier dato que nos proporciones cuando te pongas en contacto con nosotros a trav\u00e9s de nuestros perfiles en las redes sociales.<\/p><p>\u00bfCon qu\u00e9 finalidades procesaremos sus datos personales?<\/p><p>&#8211; Para procesar y responder a tus consultas, peticiones o solicitudes.<\/p><p>&#8211; Para gestionar el servicio solicitado.<\/p><p>&#8211; A publicar tu imagen en nuestros perfiles, a petici\u00f3n tuya.<\/p><p>&#8211; Para comprometerse contigo y construir una comunidad de seguidores.<\/p><p>\u00bfCu\u00e1l es la base jur\u00eddica para procesar tus datos?<\/p><p>Las bases jur\u00eddicas que legitiman el tratamiento son tu consentimiento voluntario para contactar con nosotros y, en su caso, la aceptaci\u00f3n de una relaci\u00f3n contractual en el entorno de la red social correspondiente. El tratamiento de los datos dentro de la red social se llevar\u00e1 a cabo de conformidad con sus Pol\u00edticas de Privacidad. <\/p><p>\u00bfCu\u00e1nto tiempo conservaremos tus datos personales?<\/p><p>S\u00f3lo podemos acceder a tus datos o eliminarlos de forma limitada debido a la naturaleza espec\u00edfica del perfil. Trataremos tus datos mientras sigas sigui\u00e9ndonos, seas amigo nuestro o interact\u00faes a trav\u00e9s de los botones \u00abme gusta\u00bb, \u00abseguir\u00bb o similares. <\/p><p>Cualquier correcci\u00f3n, restricci\u00f3n o cambio en tus datos o publicaciones debe realizarse a trav\u00e9s de tu perfil o configuraci\u00f3n de usuario dentro de la propia red social.<\/p><p>INFORMACI\u00d3N ADICIONAL SOBRE EL TRATAMIENTO DE TUS DATOS:<\/p><p>\u00bfIncluimos datos personales de terceros?<\/p><p>No, por regla general, s\u00f3lo tratamos los datos facilitados por los propios interesados. Si nos proporcionas datos de terceros, deber\u00e1s informar previamente a dichas personas y obtener su consentimiento. En caso contrario, nos eximes de cualquier responsabilidad por el incumplimiento de este requisito.  <\/p><p>\u00bfQu\u00e9 pasa con los datos de los menores?<\/p><p>No tratamos datos de menores de 14 a\u00f1os. Por ello, le rogamos que se abstenga de facilitar dichos datos si es menor de dicha edad, o de facilitar datos de terceros que sean menores de dicha edad. BORNAN SPORTS TECHNOLOGY, SL se exime de cualquier responsabilidad por el incumplimiento de esta disposici\u00f3n.  <\/p><p>\u00bfQu\u00e9 medidas de seguridad aplicamos?<\/p><p>Ten por seguro que hemos adoptado un nivel \u00f3ptimo de protecci\u00f3n de los datos personales que tratamos y que hemos implantado todas las medidas t\u00e9cnicas y organizativas a nuestro alcance, seg\u00fan el estado de la tecnolog\u00eda, para evitar su p\u00e9rdida, mal uso, alteraci\u00f3n, acceso no autorizado y robo.<\/p><p>\u00bfA qu\u00e9 destinatarios se comunicar\u00e1n tus datos?<\/p><p>Tus datos no ser\u00e1n cedidos a terceros, salvo en los casos de obligaci\u00f3n legal o previo consentimiento otorgado por ti. No obstante lo anterior, tus datos podr\u00e1n ser cedidos a la Agencia Tributaria y a entidades bancarias o financieras para el cobro de servicios prestados o productos adquiridos. <\/p><p>Para cumplir con las finalidades establecidas en esta Pol\u00edtica, colaboramos con proveedores de servicios que pueden tener acceso a tus datos personales. BORNAN SPORTS TECHNOLOGY, SL ha suscrito con ellos los correspondientes contratos de tratamiento de datos, imponi\u00e9ndoles, entre otras, las siguientes obligaciones: aplicar las medidas t\u00e9cnicas y organizativas apropiadas; tratar los datos personales \u00fanicamente para los fines acordados y siguiendo las instrucciones de BORNAN SPORTS TECHNOLOGY, SL. <\/p><p>\u00bfQu\u00e9 derechos tienes?<\/p><p>&#8211; Derecho a acceder a tus datos personales.<\/p><p>&#8211; Derecho a solicitar la rectificaci\u00f3n de los datos inexactos.<\/p><p>&#8211; Derecho a solicitar la supresi\u00f3n de tus datos.<\/p><p>&#8211; El derecho a retirar los consentimientos concedidos.<\/p><p>&#8211; Derecho a solicitar la limitaci\u00f3n del tratamiento de tus datos.<\/p><p>&#8211; Derecho a no ser objeto de decisiones automatizadas.<\/p><p>&#8211; El derecho a la portabilidad de los datos, es decir, a recibir tus datos en un formato estructurado, de uso com\u00fan y legible por m\u00e1quina.<\/p><p>&#8211; Derecho a presentar una reclamaci\u00f3n ante la Agencia Espa\u00f1ola de Protecci\u00f3n de Datos (www.aepd.es).<\/p><p>Si modificas alg\u00fan dato, te rogamos que nos lo comuniques para mantener tu informaci\u00f3n actualizada.<\/p><p>\u00bfC\u00f3mo puedes ejercer tus derechos?<\/p><p>&#8211; Disponemos de formularios para el ejercicio de tus derechos, que puedes solicitar en las direcciones postales o electr\u00f3nicas indicadas al principio de este documento. Alternativamente, puedes utilizar los formularios elaborados por la Agencia Espa\u00f1ola de Protecci\u00f3n de Datos o por terceros. <\/p><p>&#8211; Los formularios pueden presentarse en persona, enviarse por correo postal o por correo electr\u00f3nico a la direcci\u00f3n del Responsable del Tratamiento que figura al principio de este texto.<\/p><p>&#8211; Si existen dudas razonables sobre tu identidad, podemos requerir informaci\u00f3n de identificaci\u00f3n adicional para procesar tu solicitud.<\/p><p>\u00bfCu\u00e1nto tardamos en responder a las solicitudes de derechos?<\/p><p>Un mes desde la recepci\u00f3n, prorrogable por dos meses m\u00e1s cuando sea necesario debido a la complejidad de la solicitud, previa notificaci\u00f3n dentro del mes inicial.<\/p><p>\u00bfProcesamos cookies?<\/p><p>Si utilizamos cookies distintas de las estrictamente necesarias, puedes consultar nuestra Pol\u00edtica de Cookies en el enlace correspondiente disponible en la p\u00e1gina de inicio de nuestro sitio web.<\/p>\t\t\t\t\t\t\t\t<\/div>\n\t\t\t\t<\/div>\n\t\t\t\t\t<\/div>\n\t\t\t\t<\/div>\n\t\t\t\t<\/div>\n\t\t","protected":false},"excerpt":{"rendered":"<p>En cumplimiento del principio de transparencia y del deber de informaci\u00f3n, establecidos en la normativa comunitaria y nacional aplicable en materia de protecci\u00f3n de datos, BORNAN SPORTS TECHNOLOGY, SL informa a los interesados de las circunstancias y condiciones del tratamiento de sus datos personales, as\u00ed como de los derechos que les asisten. La Pol\u00edtica de [&hellip;]<\/p>\n","protected":false},"author":1,"featured_media":0,"parent":0,"menu_order":0,"comment_status":"closed","ping_status":"closed","template":"","meta":{"footnotes":""},"class_list":["post-9439","page","type-page","status-publish","hentry"],"yoast_head":"<!-- This site is optimized with the Yoast SEO plugin v27.4 - https:\/\/yoast.com\/product\/yoast-seo-wordpress\/ -->\n<title>Pol\u00edtica de privacidad - BORNAN - Tecnolog\u00eda Deportiva<\/title>\n<meta name=\"robots\" content=\"index, follow, max-snippet:-1, max-image-preview:large, max-video-preview:-1\" \/>\n<link rel=\"canonical\" href=\"https:\/\/bornan.sport\/es\/politica-de-privacidad\/\" \/>\n<meta property=\"og:locale\" content=\"es_ES\" \/>\n<meta property=\"og:type\" content=\"article\" \/>\n<meta property=\"og:title\" content=\"Pol\u00edtica de privacidad - BORNAN - Tecnolog\u00eda Deportiva\" \/>\n<meta property=\"og:description\" content=\"En cumplimiento del principio de transparencia y del deber de informaci\u00f3n, establecidos en la normativa comunitaria y nacional aplicable en materia de protecci\u00f3n de datos, BORNAN SPORTS TECHNOLOGY, SL informa a los interesados de las circunstancias y condiciones del tratamiento de sus datos personales, as\u00ed como de los derechos que les asisten. La Pol\u00edtica de [&hellip;]\" \/>\n<meta property=\"og:url\" content=\"https:\/\/bornan.sport\/es\/politica-de-privacidad\/\" \/>\n<meta property=\"og:site_name\" content=\"BORNAN - Tecnolog\u00eda Deportiva\" \/>\n<meta property=\"article:publisher\" content=\"https:\/\/www.facebook.com\/bornansportstechnology\/\" \/>\n<meta property=\"article:modified_time\" content=\"2025-11-26T12:18:53+00:00\" \/>\n<meta name=\"twitter:card\" content=\"summary_large_image\" \/>\n<meta name=\"twitter:site\" content=\"@BornanSportsIT\" \/>\n<meta name=\"twitter:label1\" content=\"Tiempo de lectura\" \/>\n\t<meta name=\"twitter:data1\" content=\"13 minutos\" \/>\n<script type=\"application\/ld+json\" class=\"yoast-schema-graph\">{\"@context\":\"https:\\\/\\\/schema.org\",\"@graph\":[{\"@type\":\"WebPage\",\"@id\":\"https:\\\/\\\/bornan.sport\\\/es\\\/politica-de-privacidad\\\/\",\"url\":\"https:\\\/\\\/bornan.sport\\\/es\\\/politica-de-privacidad\\\/\",\"name\":\"Pol\u00edtica de privacidad - BORNAN - Tecnolog\u00eda Deportiva\",\"isPartOf\":{\"@id\":\"https:\\\/\\\/bornan.sport\\\/#website\"},\"datePublished\":\"2025-04-22T09:21:05+00:00\",\"dateModified\":\"2025-11-26T12:18:53+00:00\",\"breadcrumb\":{\"@id\":\"https:\\\/\\\/bornan.sport\\\/es\\\/politica-de-privacidad\\\/#breadcrumb\"},\"inLanguage\":\"es\",\"potentialAction\":[{\"@type\":\"ReadAction\",\"target\":[\"https:\\\/\\\/bornan.sport\\\/es\\\/politica-de-privacidad\\\/\"]}]},{\"@type\":\"BreadcrumbList\",\"@id\":\"https:\\\/\\\/bornan.sport\\\/es\\\/politica-de-privacidad\\\/#breadcrumb\",\"itemListElement\":[{\"@type\":\"ListItem\",\"position\":1,\"name\":\"Home\",\"item\":\"https:\\\/\\\/bornan.sport\\\/es\\\/inicio\\\/\"},{\"@type\":\"ListItem\",\"position\":2,\"name\":\"Pol\u00edtica de privacidad\"}]},{\"@type\":\"WebSite\",\"@id\":\"https:\\\/\\\/bornan.sport\\\/#website\",\"url\":\"https:\\\/\\\/bornan.sport\\\/\",\"name\":\"BORNAN - Sports Technology\",\"description\":\"\",\"publisher\":{\"@id\":\"https:\\\/\\\/bornan.sport\\\/#organization\"},\"potentialAction\":[{\"@type\":\"SearchAction\",\"target\":{\"@type\":\"EntryPoint\",\"urlTemplate\":\"https:\\\/\\\/bornan.sport\\\/?s={search_term_string}\"},\"query-input\":{\"@type\":\"PropertyValueSpecification\",\"valueRequired\":true,\"valueName\":\"search_term_string\"}}],\"inLanguage\":\"es\"},{\"@type\":\"Organization\",\"@id\":\"https:\\\/\\\/bornan.sport\\\/#organization\",\"name\":\"BORNAN - Sports Technology\",\"url\":\"https:\\\/\\\/bornan.sport\\\/\",\"logo\":{\"@type\":\"ImageObject\",\"inLanguage\":\"es\",\"@id\":\"https:\\\/\\\/bornan.sport\\\/#\\\/schema\\\/logo\\\/image\\\/\",\"url\":\"https:\\\/\\\/bornan.sport\\\/wp-content\\\/uploads\\\/2025\\\/04\\\/bornan-dark.png\",\"contentUrl\":\"https:\\\/\\\/bornan.sport\\\/wp-content\\\/uploads\\\/2025\\\/04\\\/bornan-dark.png\",\"width\":92,\"height\":64,\"caption\":\"BORNAN - Sports Technology\"},\"image\":{\"@id\":\"https:\\\/\\\/bornan.sport\\\/#\\\/schema\\\/logo\\\/image\\\/\"},\"sameAs\":[\"https:\\\/\\\/www.facebook.com\\\/bornansportstechnology\\\/\",\"https:\\\/\\\/x.com\\\/BornanSportsIT\",\"https:\\\/\\\/www.instagram.com\\\/bornansportstechnology\\\/\",\"https:\\\/\\\/www.linkedin.com\\\/company\\\/bornan\\\/\"]}]}<\/script>\n<!-- \/ Yoast SEO plugin. -->","yoast_head_json":{"title":"Pol\u00edtica de privacidad - BORNAN - Tecnolog\u00eda Deportiva","robots":{"index":"index","follow":"follow","max-snippet":"max-snippet:-1","max-image-preview":"max-image-preview:large","max-video-preview":"max-video-preview:-1"},"canonical":"https:\/\/bornan.sport\/es\/politica-de-privacidad\/","og_locale":"es_ES","og_type":"article","og_title":"Pol\u00edtica de privacidad - BORNAN - Tecnolog\u00eda Deportiva","og_description":"En cumplimiento del principio de transparencia y del deber de informaci\u00f3n, establecidos en la normativa comunitaria y nacional aplicable en materia de protecci\u00f3n de datos, BORNAN SPORTS TECHNOLOGY, SL informa a los interesados de las circunstancias y condiciones del tratamiento de sus datos personales, as\u00ed como de los derechos que les asisten. La Pol\u00edtica de [&hellip;]","og_url":"https:\/\/bornan.sport\/es\/politica-de-privacidad\/","og_site_name":"BORNAN - Tecnolog\u00eda Deportiva","article_publisher":"https:\/\/www.facebook.com\/bornansportstechnology\/","article_modified_time":"2025-11-26T12:18:53+00:00","twitter_card":"summary_large_image","twitter_site":"@BornanSportsIT","twitter_misc":{"Tiempo de lectura":"13 minutos"},"schema":{"@context":"https:\/\/schema.org","@graph":[{"@type":"WebPage","@id":"https:\/\/bornan.sport\/es\/politica-de-privacidad\/","url":"https:\/\/bornan.sport\/es\/politica-de-privacidad\/","name":"Pol\u00edtica de privacidad - BORNAN - Tecnolog\u00eda Deportiva","isPartOf":{"@id":"https:\/\/bornan.sport\/#website"},"datePublished":"2025-04-22T09:21:05+00:00","dateModified":"2025-11-26T12:18:53+00:00","breadcrumb":{"@id":"https:\/\/bornan.sport\/es\/politica-de-privacidad\/#breadcrumb"},"inLanguage":"es","potentialAction":[{"@type":"ReadAction","target":["https:\/\/bornan.sport\/es\/politica-de-privacidad\/"]}]},{"@type":"BreadcrumbList","@id":"https:\/\/bornan.sport\/es\/politica-de-privacidad\/#breadcrumb","itemListElement":[{"@type":"ListItem","position":1,"name":"Home","item":"https:\/\/bornan.sport\/es\/inicio\/"},{"@type":"ListItem","position":2,"name":"Pol\u00edtica de privacidad"}]},{"@type":"WebSite","@id":"https:\/\/bornan.sport\/#website","url":"https:\/\/bornan.sport\/","name":"BORNAN - Sports Technology","description":"","publisher":{"@id":"https:\/\/bornan.sport\/#organization"},"potentialAction":[{"@type":"SearchAction","target":{"@type":"EntryPoint","urlTemplate":"https:\/\/bornan.sport\/?s={search_term_string}"},"query-input":{"@type":"PropertyValueSpecification","valueRequired":true,"valueName":"search_term_string"}}],"inLanguage":"es"},{"@type":"Organization","@id":"https:\/\/bornan.sport\/#organization","name":"BORNAN - Sports Technology","url":"https:\/\/bornan.sport\/","logo":{"@type":"ImageObject","inLanguage":"es","@id":"https:\/\/bornan.sport\/#\/schema\/logo\/image\/","url":"https:\/\/bornan.sport\/wp-content\/uploads\/2025\/04\/bornan-dark.png","contentUrl":"https:\/\/bornan.sport\/wp-content\/uploads\/2025\/04\/bornan-dark.png","width":92,"height":64,"caption":"BORNAN - Sports Technology"},"image":{"@id":"https:\/\/bornan.sport\/#\/schema\/logo\/image\/"},"sameAs":["https:\/\/www.facebook.com\/bornansportstechnology\/","https:\/\/x.com\/BornanSportsIT","https:\/\/www.instagram.com\/bornansportstechnology\/","https:\/\/www.linkedin.com\/company\/bornan\/"]}]}},"_links":{"self":[{"href":"https:\/\/bornan.sport\/es\/wp-json\/wp\/v2\/pages\/9439","targetHints":{"allow":["GET"]}}],"collection":[{"href":"https:\/\/bornan.sport\/es\/wp-json\/wp\/v2\/pages"}],"about":[{"href":"https:\/\/bornan.sport\/es\/wp-json\/wp\/v2\/types\/page"}],"author":[{"embeddable":true,"href":"https:\/\/bornan.sport\/es\/wp-json\/wp\/v2\/users\/1"}],"replies":[{"embeddable":true,"href":"https:\/\/bornan.sport\/es\/wp-json\/wp\/v2\/comments?post=9439"}],"version-history":[{"count":2,"href":"https:\/\/bornan.sport\/es\/wp-json\/wp\/v2\/pages\/9439\/revisions"}],"predecessor-version":[{"id":9443,"href":"https:\/\/bornan.sport\/es\/wp-json\/wp\/v2\/pages\/9439\/revisions\/9443"}],"wp:attachment":[{"href":"https:\/\/bornan.sport\/es\/wp-json\/wp\/v2\/media?parent=9439"}],"curies":[{"name":"wp","href":"https:\/\/api.w.org\/{rel}","templated":true}]}}